{"id":17654,"date":"2022-09-17T13:43:46","date_gmt":"2022-09-17T10:43:46","guid":{"rendered":"https:\/\/monstra.wirbox.ro\/?page_id=17654"},"modified":"2026-08-28T14:11:50","modified_gmt":"2026-08-28T11:11:50","slug":"planuri-de-dezvoltare-regionala","status":"publish","type":"page","link":"https:\/\/www.nord-vest.ro\/en\/dezvoltare-regionala\/planificare-strategica\/planuri-de-dezvoltare-regionala\/","title":{"rendered":"Regional development plans"},"content":{"rendered":"<section class=\"l-section wpb_row height_huge with_img parallax_ver parallaxdir_reversed\"><div class=\"l-section-img\" role=\"img\" aria-label=\"Image\" data-img-width=\"3834\" data-img-height=\"1496\" style=\"background-image: url(https:\/\/www.nord-vest.ro\/wp-content\/uploads\/2026\/08\/PLANUL-DE-DEZVOLTARE-AL-REGIUNII_v2.jpg);background-position: bottom center;background-size: contain;\"><\/div><div class=\"l-section-overlay\" style=\"background:rgba(0,0,0,0.30)\"><\/div><div class=\"l-section-h i-cf\"><div class=\"g-cols vc_row via_grid cols_1 laptops-cols_inherit tablets-cols_inherit mobiles-cols_1 valign_top type_default stacking_default\"><div class=\"wpb_column vc_column_container\"><div class=\"vc_column-inner\"><\/div><\/div><\/div><\/div><\/section><section class=\"l-section wpb_row height_small\"><div class=\"l-section-h i-cf\"><div class=\"g-cols vc_row via_grid cols_1 laptops-cols_inherit tablets-cols_inherit mobiles-cols_1 valign_top type_default stacking_default\"><div class=\"wpb_column vc_column_container\"><div class=\"vc_column-inner\"><nav class=\"g-breadcrumbs separator_custom align_none\"><div class=\"g-breadcrumbs-item\"><a href=\"https:\/\/www.nord-vest.ro\/en\/\">Home<\/a><meta content=\"1\"\/><\/div><div class=\"g-breadcrumbs-separator\">\/<\/div><div class=\"g-breadcrumbs-item\">Pages<\/div><\/nav><\/div><\/div><\/div><\/div><\/section><section class=\"l-section wpb_row height_small\"><div class=\"l-section-h i-cf\"><div class=\"g-cols vc_row via_grid cols_1-3 laptops-cols_inherit tablets-cols_inherit mobiles-cols_1 valign_top type_default stacking_default\"><div class=\"wpb_column vc_column_container\"><div class=\"vc_column-inner\"><nav class=\"w-menu for_simple_menu layout_ver style_blocks us_menu_1\" style=\"--main-gap:0.7rem;--main-ver-indent:0.8em;--main-hor-indent:0.8em;--main-bg-color:var(--color-alt-content-primary);--main-color:var(--color-alt-content-text);--main-hover-bg-color:var(--color-alt-content-secondary);--main-hover-color:var(--color-alt-content-text);--main-active-bg-color:var(--color-alt-content-secondary);--main-active-color:var(--color-alt-content-text);\"><ul id=\"menu-dezvoltare\" class=\"menu\"><li id=\"menu-item-31404\" class=\"menu-item menu-item-type-post_type menu-item-object-page menu-item-31404\"><a href=\"https:\/\/www.nord-vest.ro\/en\/dezvoltare-regionala\/planificare-strategica\/\">Planificare strategic\u0103<\/a><\/li><li id=\"menu-item-33083\" class=\"menu-item menu-item-type-post_type menu-item-object-page menu-item-33083\"><a href=\"https:\/\/www.nord-vest.ro\/en\/dezvoltare-regionala\/planificare-strategica\/strategia-regionala-de-turism\/\">Strategia regional\u0103 de turism<\/a><\/li><li id=\"menu-item-31405\" class=\"menu-item menu-item-type-post_type menu-item-object-page menu-item-31405\"><a href=\"https:\/\/www.nord-vest.ro\/en\/dezvoltare-regionala\/planificare-strategica\/pregatirea-pentru-schimbarile-demografice-in-nord-vestul-romaniei\/\">Preg\u0103tirea pentru schimb\u0103rile demografice \u00een Nord-Vestul Rom\u00e2niei<\/a><\/li><li id=\"menu-item-17679\" class=\"menu-item menu-item-type-post_type menu-item-object-page menu-item-17679\"><a href=\"https:\/\/www.nord-vest.ro\/en\/?page_id=17677\">Pilot projects for less developed regions<\/a><\/li><li id=\"menu-item-17671\" class=\"menu-item menu-item-type-post_type menu-item-object-page menu-item-17671\"><a href=\"https:\/\/www.nord-vest.ro\/en\/dezvoltare-regionala\/planificare-strategica\/consultare\/strategia-regionala-de-mobilitate-urbana-orase-inteligente\/\">Strategia regional\u0103 de mobilitate urban\u0103 \u0219i ora\u0219e inteligente<\/a><\/li><li id=\"menu-item-17680\" class=\"menu-item menu-item-type-post_type menu-item-object-page menu-item-17680\"><a href=\"https:\/\/www.nord-vest.ro\/en\/dezvoltare-regionala\/planificare-strategica\/consultare\/planuri-strategii-sectoriale\/\">Planuri \u0219i strategii sectoriale<\/a><\/li><li id=\"menu-item-17674\" class=\"menu-item menu-item-type-post_type menu-item-object-page menu-item-17674\"><a href=\"https:\/\/www.nord-vest.ro\/en\/dezvoltare-regionala\/dezvoltare-planificare-strategica\/specializare-inteligenta\/\">Smart specialization<\/a><\/li><li id=\"menu-item-17668\" class=\"menu-item menu-item-type-post_type menu-item-object-page menu-item-17668\"><a href=\"https:\/\/www.nord-vest.ro\/en\/dezvoltare-regionala\/planificare-strategica\/planuri-de-dezvoltare-regionala\/\">Regional development plans<\/a><\/li><li id=\"menu-item-28543\" class=\"menu-item menu-item-type-post_type menu-item-object-page menu-item-28543\"><a href=\"https:\/\/www.nord-vest.ro\/en\/dezvoltare-regionala\/planificare-strategica\/consultare\/\">Consultare Public\u0103 \u2013 Apel selec\u021bie parteneri pentru documenta\u021bii tehnico-economice (DTE)<\/a><\/li><li id=\"menu-item-33803\" class=\"menu-item menu-item-type-post_type menu-item-object-page menu-item-33803\"><a href=\"https:\/\/www.nord-vest.ro\/en\/dezvoltare-regionala\/planificare-strategica\/aplicatii-documentatii-tehnico-economice\/\">Apeluri selec\u021bie parteneri pentru documenta\u021bii tehnico-economice (DTE)<\/a><\/li><li id=\"menu-item-19514\" class=\"menu-item menu-item-type-post_type menu-item-object-page menu-item-19514\"><a href=\"https:\/\/www.nord-vest.ro\/en\/dezvoltare-regionala\/dezvoltare-planificare-strategica\/\">Dezvoltare \u0219i planificare strategic\u0103<\/a><\/li><li id=\"menu-item-31406\" class=\"menu-item menu-item-type-post_type menu-item-object-page menu-item-31406\"><a href=\"https:\/\/www.nord-vest.ro\/en\/dezvoltare-regionala\/planificare-strategica\/analize-regionale-si-capacitate-administrativa\/\">Analize regionale \u0219i capacitate administrativ\u0103<\/a><\/li><li id=\"menu-item-28455\" class=\"menu-item menu-item-type-post_type menu-item-object-page menu-item-28455\"><a href=\"https:\/\/www.nord-vest.ro\/en\/dezvoltare-regionala\/planificare-strategica\/analize-regionale-si-capacitate-administrativa\/monitorizarea-obiectivelor-de-dezvoltare-durabila\/\">Monitorizarea obiectivelor de dezvoltare durabil\u0103<\/a><\/li><\/ul><style>@media ( max-width:600px ){.us_menu_1 .menu{display:block!important}.us_menu_1 .menu>li:not(:last-child){margin:0 0 var(--main-gap,0.7rem)!important}}<\/style><\/nav><div class=\"w-separator size_small\"><\/div><\/div><\/div><div class=\"wpb_column vc_column_container\"><div class=\"vc_column-inner\"><div class=\"wpb_text_column\"><div class=\"wpb_wrapper\"><p style=\"text-align: justify;\">Agen\u021bia de Dezvoltare Regional\u0103 Nord-Vest ini\u021biaz\u0103 demersul de realizare participativ\u0103 a Planului de Dezvoltare al Regiunii Nord-Vest 2028-2034, fundamentat pe principiile guvernan\u021bei multi-nivel \u0219i ale integr\u0103rii coerente a dimensiunii teritoriale \u00een ansamblul strategic na\u021bional \u0219i european. Aceast\u0103 abordare vizeaz\u0103 cooptarea activ\u0103 a autorit\u0103\u021bilor locale, a societ\u0103\u021bii civile, a mediului academic \u0219i a sectorului privat, asigur\u00e2nd un proces deliberativ deschis \u0219i transparent, care dep\u0103\u0219e\u0219te cerin\u021bele administrative minime pentru a reflecta complexitatea realit\u0103\u021bilor macro \u0219i microeconomice din teritoriu.<\/p>\n<p style=\"text-align: justify;\">\u00cen scopul fundament\u0103rii acestui document programatic, invit\u0103m to\u021bi partenerii relevan\u021bi s\u0103 contribuie la etapa de diagnoz\u0103 prin mecanismul de colectare a datelor, un instrument tehnic dedicat acumul\u0103rii de serii statistice, analize cantitative, provoc\u0103ri \u0219i probleme. Consider\u0103m c\u0103 integrarea argumentat\u0103 a expertizei practice de la nivel local \u0219i jude\u021bean este esen\u021bial\u0103 pentru calitatea \u0219i credibilitatea planului, oferind un suport tehnic necesar calibr\u0103rii op\u021biunilor de politici publice la specificul \u0219i nevoile punctuale ale regiunii.<\/p>\n<\/div><\/div><div class=\"w-separator size_small\"><\/div><div class=\"w-image align_center\"><div class=\"w-image-h\"><img decoding=\"async\" width=\"2880\" height=\"510\" src=\"https:\/\/www.nord-vest.ro\/wp-content\/uploads\/2026\/08\/Banner-Sale-Smartphone.png\" class=\"attachment-full size-full\" alt=\"\" loading=\"lazy\" srcset=\"https:\/\/www.nord-vest.ro\/wp-content\/uploads\/2026\/08\/Banner-Sale-Smartphone.png 2880w, https:\/\/www.nord-vest.ro\/wp-content\/uploads\/2026\/08\/Banner-Sale-Smartphone-18x3.png 18w, https:\/\/www.nord-vest.ro\/wp-content\/uploads\/2026\/08\/Banner-Sale-Smartphone-600x106.png 600w, https:\/\/www.nord-vest.ro\/wp-content\/uploads\/2026\/08\/Banner-Sale-Smartphone-624x111.png 624w, https:\/\/www.nord-vest.ro\/wp-content\/uploads\/2026\/08\/Banner-Sale-Smartphone-372x66.png 372w, https:\/\/www.nord-vest.ro\/wp-content\/uploads\/2026\/08\/Banner-Sale-Smartphone-245x43.png 245w, https:\/\/www.nord-vest.ro\/wp-content\/uploads\/2026\/08\/Banner-Sale-Smartphone-1500x266.png 1500w\" sizes=\"auto, (max-width: 2880px) 100vw, 2880px\" \/><\/div><\/div><div class=\"w-separator size_small\"><\/div><div class=\"w-tabs accordion toggle_style_3 has_scrolling\" style=\"--sections-title-size:inherit;--sections-gap:0.5rem;\"><div class=\"w-tabs-sections titles-align_none icon_triangle cpos_left\"><div class=\"w-tabs-section\" id=\"h918\"><button class=\"w-tabs-section-header\" aria-controls=\"content-h918\" aria-expanded=\"false\"><div class=\"w-tabs-section-title\">a. Mediu, biodiversitate \u0219i managementul resurselor naturale<\/div><div class=\"w-tabs-section-control\"><\/div><\/button><div  class=\"w-tabs-section-content\" id=\"content-h918\"><div class=\"w-tabs-section-content-h i-cf\"><div class=\"g-cols wpb_row via_grid cols_2-1 laptops-cols_inherit tablets-cols_inherit mobiles-cols_1 valign_top type_default stacking_default\" style=\"--columns-gap:3rem;\"><div class=\"wpb_column vc_column_container\"><div class=\"vc_column-inner\"><div class=\"w-iconbox iconpos_left style_default color_primary align_left\"><a href=\"https:\/\/www.nord-vest.ro\/wp-content\/uploads\/2026\/08\/Educatie-competente-si-capital-uman-21.pdf\" class=\"w-iconbox-link\" aria-label=\"Mediu, biodiversitate \u0219i managementul resurselor naturale\"><div class=\"w-iconbox-icon\" style=\"font-size:8rem;\"><i class=\"fas fa-leaf\"><\/i><\/div><\/a><div class=\"w-iconbox-meta\"><h4 class=\"w-iconbox-title\"><a href=\"https:\/\/www.nord-vest.ro\/wp-content\/uploads\/2026\/08\/Educatie-competente-si-capital-uman-21.pdf\" class=\"w-iconbox-link\" aria-label=\"Mediu, biodiversitate \u0219i managementul resurselor naturale\">Mediu, biodiversitate \u0219i managementul resurselor naturale<\/a><\/h4><div class=\"w-iconbox-text\"><h5><strong>Document publicat la data de ZZ.LL.AAAA<\/strong><\/h5>\n<\/div><\/div><\/div><\/div><\/div><div class=\"wpb_column vc_column_container\"><div class=\"vc_column-inner\"><div class=\"w-btn-wrapper align_left\"><a class=\"w-btn us-btn-style_9\" href=\"https:\/\/www.nord-vest.ro\/en\/formular\/\"><span class=\"w-btn-label\">Formular de feedback<\/span><\/a><\/div><div class=\"w-btn-wrapper align_left\"><a class=\"w-btn us-btn-style_9\" href=\"https:\/\/www.nord-vest.ro\/en\/formular-pentru-grupurile-de-lucru\/\"><span class=\"w-btn-label\">Formular pentru grupurile de lucru<\/span><\/a><\/div><\/div><\/div><\/div><\/div><\/div><\/div><div class=\"w-tabs-section\" id=\"k0e6\"><button class=\"w-tabs-section-header\" aria-controls=\"content-k0e6\" aria-expanded=\"false\"><div class=\"w-tabs-section-title\">b. Cercetare, inovare \u0219i transformare tehnologic\u0103<\/div><div class=\"w-tabs-section-control\"><\/div><\/button><div  class=\"w-tabs-section-content\" id=\"content-k0e6\"><div class=\"w-tabs-section-content-h i-cf\"><div class=\"g-cols wpb_row via_grid cols_2-1 laptops-cols_inherit tablets-cols_inherit mobiles-cols_1 valign_top type_default stacking_default\" style=\"--columns-gap:3rem;\"><div class=\"wpb_column vc_column_container\"><div class=\"vc_column-inner\"><div class=\"w-iconbox iconpos_left style_default color_primary align_left\"><a href=\"https:\/\/www.nord-vest.ro\/wp-content\/uploads\/2026\/08\/Educatie-competente-si-capital-uman-21.pdf\" class=\"w-iconbox-link\" aria-label=\"Cercetare, inovare \u0219i transformare tehnologic\u0103\"><div class=\"w-iconbox-icon\" style=\"font-size:8rem;\"><i class=\"fad fa-atom\"><\/i><\/div><\/a><div class=\"w-iconbox-meta\"><h4 class=\"w-iconbox-title\"><a href=\"https:\/\/www.nord-vest.ro\/wp-content\/uploads\/2026\/08\/Educatie-competente-si-capital-uman-21.pdf\" class=\"w-iconbox-link\" aria-label=\"Cercetare, inovare \u0219i transformare tehnologic\u0103\">Cercetare, inovare \u0219i transformare tehnologic\u0103<\/a><\/h4><div class=\"w-iconbox-text\"><h5><strong>Document publicat la data de ZZ.LL.AAAA<\/strong><\/h5>\n<\/div><\/div><\/div><\/div><\/div><div class=\"wpb_column vc_column_container\"><div class=\"vc_column-inner\"><div class=\"w-btn-wrapper align_left\"><a class=\"w-btn us-btn-style_9\" href=\"https:\/\/www.nord-vest.ro\/en\/formular\/\"><span class=\"w-btn-label\">Formular de feedback<\/span><\/a><\/div><div class=\"w-btn-wrapper align_left\"><a class=\"w-btn us-btn-style_9\" href=\"https:\/\/www.nord-vest.ro\/en\/formular-pentru-grupurile-de-lucru\/\"><span class=\"w-btn-label\">Formular pentru grupurile de lucru<\/span><\/a><\/div><\/div><\/div><\/div><\/div><\/div><\/div><div class=\"w-tabs-section\" id=\"fda3\"><button class=\"w-tabs-section-header\" aria-controls=\"content-fda3\" aria-expanded=\"false\"><div class=\"w-tabs-section-title\">c. Educa\u021bie, competen\u021be \u0219i capital uman<\/div><div class=\"w-tabs-section-control\"><\/div><\/button><div  class=\"w-tabs-section-content\" id=\"content-fda3\"><div class=\"w-tabs-section-content-h i-cf\"><div class=\"g-cols wpb_row via_grid cols_2-1 laptops-cols_inherit tablets-cols_inherit mobiles-cols_1 valign_top type_default stacking_default\" style=\"--columns-gap:3rem;\"><div class=\"wpb_column vc_column_container\"><div class=\"vc_column-inner\"><div class=\"w-iconbox iconpos_left style_default color_primary align_left icontype_img\"><a href=\"https:\/\/www.nord-vest.ro\/wp-content\/uploads\/2026\/08\/Educatie-competente-si-capital-uman.pdf\" class=\"w-iconbox-link\" aria-label=\"Educa\u021bie, competen\u021be \u0219i capital uman\"><div class=\"w-iconbox-icon\" style=\"font-size:8rem;\"><img loading=\"lazy\" decoding=\"async\" width=\"1414\" height=\"2000\" src=\"https:\/\/www.nord-vest.ro\/wp-content\/uploads\/2026\/08\/Educatie-competente-si-capital-uman-14.png\" class=\"attachment-full size-full\" alt=\"\" srcset=\"https:\/\/www.nord-vest.ro\/wp-content\/uploads\/2026\/08\/Educatie-competente-si-capital-uman-14.png 1414w, https:\/\/www.nord-vest.ro\/wp-content\/uploads\/2026\/08\/Educatie-competente-si-capital-uman-14-8x12.png 8w, https:\/\/www.nord-vest.ro\/wp-content\/uploads\/2026\/08\/Educatie-competente-si-capital-uman-14-283x400.png 283w, https:\/\/www.nord-vest.ro\/wp-content\/uploads\/2026\/08\/Educatie-competente-si-capital-uman-14-441x624.png 441w, https:\/\/www.nord-vest.ro\/wp-content\/uploads\/2026\/08\/Educatie-competente-si-capital-uman-14-197x279.png 197w, https:\/\/www.nord-vest.ro\/wp-content\/uploads\/2026\/08\/Educatie-competente-si-capital-uman-14-49x70.png 49w, https:\/\/www.nord-vest.ro\/wp-content\/uploads\/2026\/08\/Educatie-competente-si-capital-uman-14-495x700.png 495w\" sizes=\"auto, (max-width: 1414px) 100vw, 1414px\" \/><\/div><\/a><div class=\"w-iconbox-meta\"><h4 class=\"w-iconbox-title\"><a href=\"https:\/\/www.nord-vest.ro\/wp-content\/uploads\/2026\/08\/Educatie-competente-si-capital-uman.pdf\" class=\"w-iconbox-link\" aria-label=\"Educa\u021bie, competen\u021be \u0219i capital uman\">Educa\u021bie, competen\u021be \u0219i capital uman<\/a><\/h4><div class=\"w-iconbox-text\"><h5><strong>Document publicat la data de 18.08.2026<\/strong><\/h5>\n<\/div><\/div><\/div><\/div><\/div><div class=\"wpb_column vc_column_container\"><div class=\"vc_column-inner\"><div class=\"w-btn-wrapper align_left\"><a class=\"w-btn us-btn-style_9\" href=\"https:\/\/www.nord-vest.ro\/en\/formular\/\"><span class=\"w-btn-label\">Formular de feedback<\/span><\/a><\/div><div class=\"w-btn-wrapper align_left\"><a class=\"w-btn us-btn-style_9\" href=\"https:\/\/www.nord-vest.ro\/en\/formular-pentru-grupurile-de-lucru\/\"><span class=\"w-btn-label\">Formular pentru grupurile de lucru<\/span><\/a><\/div><\/div><\/div><\/div><\/div><\/div><\/div><div class=\"w-tabs-section\" id=\"r6f2\"><button class=\"w-tabs-section-header\" aria-controls=\"content-r6f2\" aria-expanded=\"false\"><div class=\"w-tabs-section-title\">d. S\u0103n\u0103tate public\u0103, bun\u0103stare \u0219i infrastructur\u0103 social\u0103<\/div><div class=\"w-tabs-section-control\"><\/div><\/button><div  class=\"w-tabs-section-content\" id=\"content-r6f2\"><div class=\"w-tabs-section-content-h i-cf\"><div class=\"g-cols wpb_row via_grid cols_2-1 laptops-cols_inherit tablets-cols_inherit mobiles-cols_1 valign_top type_default stacking_default\" style=\"--columns-gap:3rem;\"><div class=\"wpb_column vc_column_container\"><div class=\"vc_column-inner\"><div class=\"w-iconbox iconpos_left style_default color_primary align_left\"><a href=\"https:\/\/www.nord-vest.ro\/wp-content\/uploads\/2026\/08\/Educatie-competente-si-capital-uman-21.pdf\" class=\"w-iconbox-link\" aria-label=\"S\u0103n\u0103tate public\u0103, bun\u0103stare \u0219i infrastructur\u0103 social\u0103\"><div class=\"w-iconbox-icon\" style=\"font-size:8rem;\"><i class=\"fad fa-file-medical\"><\/i><\/div><\/a><div class=\"w-iconbox-meta\"><h4 class=\"w-iconbox-title\"><a href=\"https:\/\/www.nord-vest.ro\/wp-content\/uploads\/2026\/08\/Educatie-competente-si-capital-uman-21.pdf\" class=\"w-iconbox-link\" aria-label=\"S\u0103n\u0103tate public\u0103, bun\u0103stare \u0219i infrastructur\u0103 social\u0103\">S\u0103n\u0103tate public\u0103, bun\u0103stare \u0219i infrastructur\u0103 social\u0103<\/a><\/h4><div class=\"w-iconbox-text\"><h5><strong>Document publicat la data de ZZ.LL.AAAA<\/strong><\/h5>\n<\/div><\/div><\/div><\/div><\/div><div class=\"wpb_column vc_column_container\"><div class=\"vc_column-inner\"><div class=\"w-btn-wrapper align_left\"><a class=\"w-btn us-btn-style_9\" href=\"https:\/\/www.nord-vest.ro\/en\/formular\/\"><span class=\"w-btn-label\">Formular de feedback<\/span><\/a><\/div><div class=\"w-btn-wrapper align_left\"><a class=\"w-btn us-btn-style_9\" href=\"https:\/\/www.nord-vest.ro\/en\/formular-pentru-grupurile-de-lucru\/\"><span class=\"w-btn-label\">Formular pentru grupurile de lucru<\/span><\/a><\/div><\/div><\/div><\/div><\/div><\/div><\/div><div class=\"w-tabs-section\" id=\"k292\"><button class=\"w-tabs-section-header\" aria-controls=\"content-k292\" aria-expanded=\"false\"><div class=\"w-tabs-section-title\">e. Economie social\u0103, incluziune \u0219i dinamic\u0103 demografic\u0103<\/div><div class=\"w-tabs-section-control\"><\/div><\/button><div  class=\"w-tabs-section-content\" id=\"content-k292\"><div class=\"w-tabs-section-content-h i-cf\"><div class=\"g-cols wpb_row via_grid cols_2-1 laptops-cols_inherit tablets-cols_inherit mobiles-cols_1 valign_top type_default stacking_default\" style=\"--columns-gap:3rem;\"><div class=\"wpb_column vc_column_container\"><div class=\"vc_column-inner\"><div class=\"w-iconbox iconpos_left style_default color_primary align_left icontype_img\"><a href=\"https:\/\/www.nord-vest.ro\/wp-content\/uploads\/2026\/08\/5.Economie-sociala-incluziune-si-dinamica-demografica.pdf\" class=\"w-iconbox-link\" aria-label=\"Economie social\u0103, incluziune \u0219i dinamic\u0103 demografic\u0103\"><div class=\"w-iconbox-icon\" style=\"font-size:8rem;\"><img loading=\"lazy\" decoding=\"async\" width=\"1414\" height=\"2000\" src=\"https:\/\/www.nord-vest.ro\/wp-content\/uploads\/2026\/08\/5.Economie-sociala-incluziune-si-dinamica-demografica-1.png\" class=\"attachment-full size-full\" alt=\"\" srcset=\"https:\/\/www.nord-vest.ro\/wp-content\/uploads\/2026\/08\/5.Economie-sociala-incluziune-si-dinamica-demografica-1.png 1414w, https:\/\/www.nord-vest.ro\/wp-content\/uploads\/2026\/08\/5.Economie-sociala-incluziune-si-dinamica-demografica-1-8x12.png 8w, https:\/\/www.nord-vest.ro\/wp-content\/uploads\/2026\/08\/5.Economie-sociala-incluziune-si-dinamica-demografica-1-283x400.png 283w, https:\/\/www.nord-vest.ro\/wp-content\/uploads\/2026\/08\/5.Economie-sociala-incluziune-si-dinamica-demografica-1-441x624.png 441w, https:\/\/www.nord-vest.ro\/wp-content\/uploads\/2026\/08\/5.Economie-sociala-incluziune-si-dinamica-demografica-1-197x279.png 197w, https:\/\/www.nord-vest.ro\/wp-content\/uploads\/2026\/08\/5.Economie-sociala-incluziune-si-dinamica-demografica-1-49x70.png 49w, https:\/\/www.nord-vest.ro\/wp-content\/uploads\/2026\/08\/5.Economie-sociala-incluziune-si-dinamica-demografica-1-495x700.png 495w\" sizes=\"auto, (max-width: 1414px) 100vw, 1414px\" \/><\/div><\/a><div class=\"w-iconbox-meta\"><h4 class=\"w-iconbox-title\"><a href=\"https:\/\/www.nord-vest.ro\/wp-content\/uploads\/2026\/08\/5.Economie-sociala-incluziune-si-dinamica-demografica.pdf\" class=\"w-iconbox-link\" aria-label=\"Economie social\u0103, incluziune \u0219i dinamic\u0103 demografic\u0103\">Economie social\u0103, incluziune \u0219i dinamic\u0103 demografic\u0103<\/a><\/h4><div class=\"w-iconbox-text\"><h5><strong>Document publicat la data de 25.08.2026<\/strong><\/h5>\n<\/div><\/div><\/div><\/div><\/div><div class=\"wpb_column vc_column_container\"><div class=\"vc_column-inner\"><div class=\"w-btn-wrapper align_left\"><a class=\"w-btn us-btn-style_9\" href=\"https:\/\/www.nord-vest.ro\/en\/formular\/\"><span class=\"w-btn-label\">Formular de feedback<\/span><\/a><\/div><div class=\"w-btn-wrapper align_left\"><a class=\"w-btn us-btn-style_9\" href=\"https:\/\/www.nord-vest.ro\/en\/formular-pentru-grupurile-de-lucru\/\"><span class=\"w-btn-label\">Formular pentru grupurile de lucru<\/span><\/a><\/div><\/div><\/div><\/div><\/div><\/div><\/div><div class=\"w-tabs-section\" id=\"zdae\"><button class=\"w-tabs-section-header\" aria-controls=\"content-zdae\" aria-expanded=\"false\"><div class=\"w-tabs-section-title\">f. Guvernan\u021b\u0103, participare civic\u0103 \u0219i coeziune teritorial\u0103<\/div><div class=\"w-tabs-section-control\"><\/div><\/button><div  class=\"w-tabs-section-content\" id=\"content-zdae\"><div class=\"w-tabs-section-content-h i-cf\"><div class=\"g-cols wpb_row via_grid cols_2-1 laptops-cols_inherit tablets-cols_inherit mobiles-cols_1 valign_top type_default stacking_default\" style=\"--columns-gap:3rem;\"><div class=\"wpb_column vc_column_container\"><div class=\"vc_column-inner\"><div class=\"w-iconbox iconpos_left style_default color_primary align_left icontype_img\"><a href=\"https:\/\/www.nord-vest.ro\/wp-content\/uploads\/2026\/08\/Guvernanta-participare-civica-si-coeziune-teritoriala.pdf\" class=\"w-iconbox-link\" aria-label=\"Guvernan\u021b\u0103, participare civic\u0103 \u0219i coeziune teritorial\u0103\"><div class=\"w-iconbox-icon\" style=\"font-size:8rem;\"><img loading=\"lazy\" decoding=\"async\" width=\"1414\" height=\"2000\" src=\"https:\/\/www.nord-vest.ro\/wp-content\/uploads\/2026\/08\/Guvernanta-participare-civica-si-coeziune-teritoriala.png\" class=\"attachment-full size-full\" alt=\"\" srcset=\"https:\/\/www.nord-vest.ro\/wp-content\/uploads\/2026\/08\/Guvernanta-participare-civica-si-coeziune-teritoriala.png 1414w, https:\/\/www.nord-vest.ro\/wp-content\/uploads\/2026\/08\/Guvernanta-participare-civica-si-coeziune-teritoriala-8x12.png 8w, https:\/\/www.nord-vest.ro\/wp-content\/uploads\/2026\/08\/Guvernanta-participare-civica-si-coeziune-teritoriala-283x400.png 283w, https:\/\/www.nord-vest.ro\/wp-content\/uploads\/2026\/08\/Guvernanta-participare-civica-si-coeziune-teritoriala-441x624.png 441w, https:\/\/www.nord-vest.ro\/wp-content\/uploads\/2026\/08\/Guvernanta-participare-civica-si-coeziune-teritoriala-197x279.png 197w, https:\/\/www.nord-vest.ro\/wp-content\/uploads\/2026\/08\/Guvernanta-participare-civica-si-coeziune-teritoriala-49x70.png 49w, https:\/\/www.nord-vest.ro\/wp-content\/uploads\/2026\/08\/Guvernanta-participare-civica-si-coeziune-teritoriala-495x700.png 495w\" sizes=\"auto, (max-width: 1414px) 100vw, 1414px\" \/><\/div><\/a><div class=\"w-iconbox-meta\"><h4 class=\"w-iconbox-title\"><a href=\"https:\/\/www.nord-vest.ro\/wp-content\/uploads\/2026\/08\/Guvernanta-participare-civica-si-coeziune-teritoriala.pdf\" class=\"w-iconbox-link\" aria-label=\"Guvernan\u021b\u0103, participare civic\u0103 \u0219i coeziune teritorial\u0103\">Guvernan\u021b\u0103, participare civic\u0103 \u0219i coeziune teritorial\u0103<\/a><\/h4><div class=\"w-iconbox-text\"><h5><strong>Document publicat la data de 28.08.2026<\/strong><\/h5>\n<\/div><\/div><\/div><\/div><\/div><div class=\"wpb_column vc_column_container\"><div class=\"vc_column-inner\"><div class=\"w-btn-wrapper align_left\"><a class=\"w-btn us-btn-style_9\" href=\"https:\/\/www.nord-vest.ro\/en\/formular\/\"><span class=\"w-btn-label\">Formular de feedback<\/span><\/a><\/div><div class=\"w-btn-wrapper align_left\"><a class=\"w-btn us-btn-style_9\" href=\"https:\/\/www.nord-vest.ro\/en\/formular-pentru-grupurile-de-lucru\/\"><span class=\"w-btn-label\">Formular pentru grupurile de lucru<\/span><\/a><\/div><\/div><\/div><\/div><\/div><\/div><\/div><div class=\"w-tabs-section\" id=\"y572\"><button class=\"w-tabs-section-header\" aria-controls=\"content-y572\" aria-expanded=\"false\"><div class=\"w-tabs-section-title\">g. Infrastructur\u0103, mobilitate \u0219i spa\u021bii publice<\/div><div class=\"w-tabs-section-control\"><\/div><\/button><div  class=\"w-tabs-section-content\" id=\"content-y572\"><div class=\"w-tabs-section-content-h i-cf\"><div class=\"g-cols wpb_row via_grid cols_2-1 laptops-cols_inherit tablets-cols_inherit mobiles-cols_1 valign_top type_default stacking_default\" style=\"--columns-gap:3rem;\"><div class=\"wpb_column vc_column_container\"><div class=\"vc_column-inner\"><div class=\"w-iconbox iconpos_left style_default color_primary align_left\"><a href=\"https:\/\/www.nord-vest.ro\/wp-content\/uploads\/2026\/08\/Educatie-competente-si-capital-uman-21.pdf\" class=\"w-iconbox-link\" aria-label=\"Infrastructur\u0103, mobilitate \u0219i spa\u021bii publice\"><div class=\"w-iconbox-icon\" style=\"font-size:8rem;\"><i class=\"fad fa-building\"><\/i><\/div><\/a><div class=\"w-iconbox-meta\"><h4 class=\"w-iconbox-title\"><a href=\"https:\/\/www.nord-vest.ro\/wp-content\/uploads\/2026\/08\/Educatie-competente-si-capital-uman-21.pdf\" class=\"w-iconbox-link\" aria-label=\"Infrastructur\u0103, mobilitate \u0219i spa\u021bii publice\">Infrastructur\u0103, mobilitate \u0219i spa\u021bii publice<\/a><\/h4><div class=\"w-iconbox-text\"><h5><strong>Document publicat la data de ZZ.LL.AAAA<\/strong><\/h5>\n<\/div><\/div><\/div><\/div><\/div><div class=\"wpb_column vc_column_container\"><div class=\"vc_column-inner\"><div class=\"w-btn-wrapper align_left\"><a class=\"w-btn us-btn-style_9\" href=\"https:\/\/www.nord-vest.ro\/en\/formular\/\"><span class=\"w-btn-label\">Formular de feedback<\/span><\/a><\/div><div class=\"w-btn-wrapper align_left\"><a class=\"w-btn us-btn-style_9\" href=\"https:\/\/www.nord-vest.ro\/en\/formular-pentru-grupurile-de-lucru\/\"><span class=\"w-btn-label\">Formular pentru grupurile de lucru<\/span><\/a><\/div><\/div><\/div><\/div><\/div><\/div><\/div><div class=\"w-tabs-section\" id=\"pd60\"><button class=\"w-tabs-section-header\" aria-controls=\"content-pd60\" aria-expanded=\"false\"><div class=\"w-tabs-section-title\">h. Tranzi\u021bie energetic\u0103 \u0219i sustenabilitate climatic\u0103<\/div><div class=\"w-tabs-section-control\"><\/div><\/button><div  class=\"w-tabs-section-content\" id=\"content-pd60\"><div class=\"w-tabs-section-content-h i-cf\"><div class=\"g-cols wpb_row via_grid cols_2-1 laptops-cols_inherit tablets-cols_inherit mobiles-cols_1 valign_top type_default stacking_default\" style=\"--columns-gap:3rem;\"><div class=\"wpb_column vc_column_container\"><div class=\"vc_column-inner\"><div class=\"w-iconbox iconpos_left style_default color_primary align_left\"><a href=\"https:\/\/www.nord-vest.ro\/wp-content\/uploads\/2026\/08\/Educatie-competente-si-capital-uman-21.pdf\" class=\"w-iconbox-link\" aria-label=\"Tranzi\u021bie energetic\u0103 \u0219i sustenabilitate climatic\u0103\"><div class=\"w-iconbox-icon\" style=\"font-size:8rem;\"><i class=\"fad fa-solar-panel\"><\/i><\/div><\/a><div class=\"w-iconbox-meta\"><h4 class=\"w-iconbox-title\"><a href=\"https:\/\/www.nord-vest.ro\/wp-content\/uploads\/2026\/08\/Educatie-competente-si-capital-uman-21.pdf\" class=\"w-iconbox-link\" aria-label=\"Tranzi\u021bie energetic\u0103 \u0219i sustenabilitate climatic\u0103\">Tranzi\u021bie energetic\u0103 \u0219i sustenabilitate climatic\u0103<\/a><\/h4><div class=\"w-iconbox-text\"><h5><strong>Document publicat la data de ZZ.LL.AAAA<\/strong><\/h5>\n<\/div><\/div><\/div><\/div><\/div><div class=\"wpb_column vc_column_container\"><div class=\"vc_column-inner\"><div class=\"w-btn-wrapper align_left\"><a class=\"w-btn us-btn-style_9\" href=\"https:\/\/www.nord-vest.ro\/en\/formular\/\"><span class=\"w-btn-label\">Formular de feedback<\/span><\/a><\/div><div class=\"w-btn-wrapper align_left\"><a class=\"w-btn us-btn-style_9\" href=\"https:\/\/www.nord-vest.ro\/en\/formular-pentru-grupurile-de-lucru\/\"><span class=\"w-btn-label\">Formular pentru grupurile de lucru<\/span><\/a><\/div><\/div><\/div><\/div><\/div><\/div><\/div><div class=\"w-tabs-section\" id=\"r512\"><button class=\"w-tabs-section-header\" aria-controls=\"content-r512\" aria-expanded=\"false\"><div class=\"w-tabs-section-title\">i. Competitivitate economic\u0103, antreprenoriat \u0219i sisteme financiare<\/div><div class=\"w-tabs-section-control\"><\/div><\/button><div  class=\"w-tabs-section-content\" id=\"content-r512\"><div class=\"w-tabs-section-content-h i-cf\"><div class=\"g-cols wpb_row via_grid cols_2-1 laptops-cols_inherit tablets-cols_inherit mobiles-cols_1 valign_top type_default stacking_default\" style=\"--columns-gap:3rem;\"><div class=\"wpb_column vc_column_container\"><div class=\"vc_column-inner\"><div class=\"w-iconbox iconpos_left style_default color_primary align_left\"><a href=\"https:\/\/www.nord-vest.ro\/wp-content\/uploads\/2026\/08\/Educatie-competente-si-capital-uman-21.pdf\" class=\"w-iconbox-link\" aria-label=\"Competitivitate economic\u0103, antreprenoriat \u0219i sisteme financiare\"><div class=\"w-iconbox-icon\" style=\"font-size:8rem;\"><i class=\"fad fa-business-time\"><\/i><\/div><\/a><div class=\"w-iconbox-meta\"><h4 class=\"w-iconbox-title\"><a href=\"https:\/\/www.nord-vest.ro\/wp-content\/uploads\/2026\/08\/Educatie-competente-si-capital-uman-21.pdf\" class=\"w-iconbox-link\" aria-label=\"Competitivitate economic\u0103, antreprenoriat \u0219i sisteme financiare\">Competitivitate economic\u0103, antreprenoriat \u0219i sisteme financiare<\/a><\/h4><div class=\"w-iconbox-text\"><h5><strong>Document publicat la data de ZZ.LL.AAAA<\/strong><\/h5>\n<\/div><\/div><\/div><\/div><\/div><div class=\"wpb_column vc_column_container\"><div class=\"vc_column-inner\"><div class=\"w-btn-wrapper align_left\"><a class=\"w-btn us-btn-style_9\" href=\"https:\/\/www.nord-vest.ro\/en\/formular\/\"><span class=\"w-btn-label\">Formular de feedback<\/span><\/a><\/div><div class=\"w-btn-wrapper align_left\"><a class=\"w-btn us-btn-style_9\" href=\"https:\/\/www.nord-vest.ro\/en\/formular-pentru-grupurile-de-lucru\/\"><span class=\"w-btn-label\">Formular pentru grupurile de lucru<\/span><\/a><\/div><\/div><\/div><\/div><\/div><\/div><\/div><div class=\"w-tabs-section\" id=\"ecd6\"><button class=\"w-tabs-section-header\" aria-controls=\"content-ecd6\" aria-expanded=\"false\"><div class=\"w-tabs-section-title\">j. Sistem agroalimentar \u0219i dezvoltare rural\u0103 integrat\u0103<\/div><div class=\"w-tabs-section-control\"><\/div><\/button><div  class=\"w-tabs-section-content\" id=\"content-ecd6\"><div class=\"w-tabs-section-content-h i-cf\"><div class=\"g-cols wpb_row via_grid cols_2-1 laptops-cols_inherit tablets-cols_inherit mobiles-cols_1 valign_top type_default stacking_default\" style=\"--columns-gap:3rem;\"><div class=\"wpb_column vc_column_container\"><div class=\"vc_column-inner\"><div class=\"w-iconbox iconpos_left style_default color_primary align_left\"><a href=\"https:\/\/www.nord-vest.ro\/wp-content\/uploads\/2026\/08\/Educatie-competente-si-capital-uman-21.pdf\" class=\"w-iconbox-link\" aria-label=\"Sistem agroalimentar \u0219i dezvoltare rural\u0103 integrat\u0103\"><div class=\"w-iconbox-icon\" style=\"font-size:8rem;\"><i class=\"fad fa-tractor\"><\/i><\/div><\/a><div class=\"w-iconbox-meta\"><h4 class=\"w-iconbox-title\"><a href=\"https:\/\/www.nord-vest.ro\/wp-content\/uploads\/2026\/08\/Educatie-competente-si-capital-uman-21.pdf\" class=\"w-iconbox-link\" aria-label=\"Sistem agroalimentar \u0219i dezvoltare rural\u0103 integrat\u0103\">Sistem agroalimentar \u0219i dezvoltare rural\u0103 integrat\u0103<\/a><\/h4><div class=\"w-iconbox-text\"><h5><strong>Document publicat la data de ZZ.LL.AAAA<\/strong><\/h5>\n<\/div><\/div><\/div><\/div><\/div><div class=\"wpb_column vc_column_container\"><div class=\"vc_column-inner\"><div class=\"w-btn-wrapper align_left\"><a class=\"w-btn us-btn-style_9\" href=\"https:\/\/www.nord-vest.ro\/en\/formular\/\"><span class=\"w-btn-label\">Formular de feedback<\/span><\/a><\/div><div class=\"w-btn-wrapper align_left\"><a class=\"w-btn us-btn-style_9\" href=\"https:\/\/www.nord-vest.ro\/en\/formular-pentru-grupurile-de-lucru\/\"><span class=\"w-btn-label\">Formular pentru grupurile de lucru<\/span><\/a><\/div><\/div><\/div><\/div><\/div><\/div><\/div><div class=\"w-tabs-section\" id=\"v53a\"><button class=\"w-tabs-section-header\" aria-controls=\"content-v53a\" aria-expanded=\"false\"><div class=\"w-tabs-section-title\">k. Turism<\/div><div class=\"w-tabs-section-control\"><\/div><\/button><div  class=\"w-tabs-section-content\" id=\"content-v53a\"><div class=\"w-tabs-section-content-h i-cf\"><div class=\"g-cols wpb_row via_grid cols_2-1 laptops-cols_inherit tablets-cols_inherit mobiles-cols_1 valign_top type_default stacking_default\" style=\"--columns-gap:3rem;\"><div class=\"wpb_column vc_column_container\"><div class=\"vc_column-inner\"><div class=\"w-iconbox iconpos_left style_default color_primary align_left\"><a href=\"https:\/\/www.nord-vest.ro\/wp-content\/uploads\/2026\/08\/Educatie-competente-si-capital-uman-21.pdf\" class=\"w-iconbox-link\" aria-label=\"Turism\"><div class=\"w-iconbox-icon\" style=\"font-size:8rem;\"><i class=\"fad fa-plane-arrival\"><\/i><\/div><\/a><div class=\"w-iconbox-meta\"><h4 class=\"w-iconbox-title\"><a href=\"https:\/\/www.nord-vest.ro\/wp-content\/uploads\/2026\/08\/Educatie-competente-si-capital-uman-21.pdf\" class=\"w-iconbox-link\" aria-label=\"Turism\">Turism<\/a><\/h4><div class=\"w-iconbox-text\"><h5><strong>Document publicat la data de ZZ.LL.AAAA<\/strong><\/h5>\n<\/div><\/div><\/div><\/div><\/div><div class=\"wpb_column vc_column_container\"><div class=\"vc_column-inner\"><div class=\"w-btn-wrapper align_left\"><a class=\"w-btn us-btn-style_9\" href=\"https:\/\/www.nord-vest.ro\/en\/formular\/\"><span class=\"w-btn-label\">Formular de feedback<\/span><\/a><\/div><div class=\"w-btn-wrapper align_left\"><a class=\"w-btn us-btn-style_9\" href=\"https:\/\/www.nord-vest.ro\/en\/formular-pentru-grupurile-de-lucru\/\"><span class=\"w-btn-label\">Formular pentru grupurile de lucru<\/span><\/a><\/div><\/div><\/div><\/div><\/div><\/div><\/div><\/div><\/div><div class=\"w-separator size_small with_line width_default thick_1 style_solid color_border align_center\"><div class=\"w-separator-h\"><\/div><\/div><div class=\"w-image align_center\"><div class=\"w-image-h\"><img decoding=\"async\" width=\"1920\" height=\"340\" src=\"https:\/\/www.nord-vest.ro\/wp-content\/uploads\/2026\/08\/Banner-Sale-Smartphone-1.png\" class=\"attachment-full size-full\" alt=\"\" loading=\"lazy\" srcset=\"https:\/\/www.nord-vest.ro\/wp-content\/uploads\/2026\/08\/Banner-Sale-Smartphone-1.png 1920w, https:\/\/www.nord-vest.ro\/wp-content\/uploads\/2026\/08\/Banner-Sale-Smartphone-1-18x3.png 18w, https:\/\/www.nord-vest.ro\/wp-content\/uploads\/2026\/08\/Banner-Sale-Smartphone-1-600x106.png 600w, https:\/\/www.nord-vest.ro\/wp-content\/uploads\/2026\/08\/Banner-Sale-Smartphone-1-624x111.png 624w, https:\/\/www.nord-vest.ro\/wp-content\/uploads\/2026\/08\/Banner-Sale-Smartphone-1-372x66.png 372w, https:\/\/www.nord-vest.ro\/wp-content\/uploads\/2026\/08\/Banner-Sale-Smartphone-1-245x43.png 245w, https:\/\/www.nord-vest.ro\/wp-content\/uploads\/2026\/08\/Banner-Sale-Smartphone-1-1500x266.png 1500w\" sizes=\"auto, (max-width: 1920px) 100vw, 1920px\" \/><\/div><\/div><div class=\"w-separator size_small with_line width_default thick_1 style_solid color_border align_center\"><div class=\"w-separator-h\"><\/div><\/div><div class=\"w-tabs accordion toggle_style_3 has_scrolling\" style=\"--sections-title-size:inherit;--sections-gap:0.5rem;\"><div class=\"w-tabs-sections titles-align_none icon_plus cpos_left\"><div class=\"w-tabs-section\" id=\"i62c\"><button class=\"w-tabs-section-header\" aria-controls=\"content-i62c\" aria-expanded=\"false\"><div class=\"w-tabs-section-title\">Useful documents<\/div><div class=\"w-tabs-section-control\"><\/div><\/button><div  class=\"w-tabs-section-content\" id=\"content-i62c\"><div class=\"w-tabs-section-content-h i-cf\"><div class=\"g-cols wpb_row via_grid cols_1 laptops-cols_inherit tablets-cols_inherit mobiles-cols_1 valign_top type_default stacking_default\" style=\"--columns-gap:3rem;\"><div class=\"wpb_column vc_column_container\"><div class=\"vc_column-inner\"><div class=\"w-iconbox iconpos_left style_default color_primary align_left icontype_img\"><a href=\"https:\/\/www.nord-vest.ro\/wp-content\/uploads\/2026\/08\/MFF-Perioada-2028-2034-martie.pdf\" class=\"w-iconbox-link\" aria-label=\"Aspecte privind MFF 2028-2034\"><div class=\"w-iconbox-icon\" style=\"font-size:8rem;\"><img loading=\"lazy\" decoding=\"async\" width=\"2160\" height=\"1215\" src=\"https:\/\/www.nord-vest.ro\/wp-content\/uploads\/2026\/08\/Perioada-2028-2034.png\" class=\"attachment-full size-full\" alt=\"\" srcset=\"https:\/\/www.nord-vest.ro\/wp-content\/uploads\/2026\/08\/Perioada-2028-2034.png 2160w, https:\/\/www.nord-vest.ro\/wp-content\/uploads\/2026\/08\/Perioada-2028-2034-18x10.png 18w, https:\/\/www.nord-vest.ro\/wp-content\/uploads\/2026\/08\/Perioada-2028-2034-600x338.png 600w, https:\/\/www.nord-vest.ro\/wp-content\/uploads\/2026\/08\/Perioada-2028-2034-1109x624.png 1109w, https:\/\/www.nord-vest.ro\/wp-content\/uploads\/2026\/08\/Perioada-2028-2034-624x351.png 624w, https:\/\/www.nord-vest.ro\/wp-content\/uploads\/2026\/08\/Perioada-2028-2034-372x209.png 372w, https:\/\/www.nord-vest.ro\/wp-content\/uploads\/2026\/08\/Perioada-2028-2034-124x70.png 124w, https:\/\/www.nord-vest.ro\/wp-content\/uploads\/2026\/08\/Perioada-2028-2034-1244x700.png 1244w\" sizes=\"auto, (max-width: 2160px) 100vw, 2160px\" \/><\/div><\/a><div class=\"w-iconbox-meta\"><h4 class=\"w-iconbox-title\"><a href=\"https:\/\/www.nord-vest.ro\/wp-content\/uploads\/2026\/08\/MFF-Perioada-2028-2034-martie.pdf\" class=\"w-iconbox-link\" aria-label=\"Aspecte privind MFF 2028-2034\">Aspecte privind MFF 2028-2034<\/a><\/h4><div class=\"w-iconbox-text\"><h5><strong>Document publicat la data de 26.08.2026<\/strong><\/h5>\n<\/div><\/div><\/div><div class=\"w-separator size_small\"><\/div><div class=\"w-iconbox iconpos_left style_default color_primary align_left icontype_img\"><a href=\"https:\/\/www.nord-vest.ro\/wp-content\/uploads\/2026\/08\/Perspectiva-Regionala-asupra-saraciei-energetice-si-saraciei-in-transporturi.pdf\" class=\"w-iconbox-link\" aria-label=\"Perspectiva Regional\u0103 asupra s\u0103r\u0103ciei energetice \u0219i a s\u0103r\u0103ciei \u00een transporturi\"><div class=\"w-iconbox-icon\" style=\"font-size:8rem;\"><img loading=\"lazy\" decoding=\"async\" width=\"1414\" height=\"2000\" src=\"https:\/\/www.nord-vest.ro\/wp-content\/uploads\/2026\/08\/Perspectiva.png\" class=\"attachment-full size-full\" alt=\"\" srcset=\"https:\/\/www.nord-vest.ro\/wp-content\/uploads\/2026\/08\/Perspectiva.png 1414w, https:\/\/www.nord-vest.ro\/wp-content\/uploads\/2026\/08\/Perspectiva-8x12.png 8w, https:\/\/www.nord-vest.ro\/wp-content\/uploads\/2026\/08\/Perspectiva-283x400.png 283w, https:\/\/www.nord-vest.ro\/wp-content\/uploads\/2026\/08\/Perspectiva-441x624.png 441w, https:\/\/www.nord-vest.ro\/wp-content\/uploads\/2026\/08\/Perspectiva-197x279.png 197w, https:\/\/www.nord-vest.ro\/wp-content\/uploads\/2026\/08\/Perspectiva-49x70.png 49w, https:\/\/www.nord-vest.ro\/wp-content\/uploads\/2026\/08\/Perspectiva-495x700.png 495w\" sizes=\"auto, (max-width: 1414px) 100vw, 1414px\" \/><\/div><\/a><div class=\"w-iconbox-meta\"><h4 class=\"w-iconbox-title\"><a href=\"https:\/\/www.nord-vest.ro\/wp-content\/uploads\/2026\/08\/Perspectiva-Regionala-asupra-saraciei-energetice-si-saraciei-in-transporturi.pdf\" class=\"w-iconbox-link\" aria-label=\"Perspectiva Regional\u0103 asupra s\u0103r\u0103ciei energetice \u0219i a s\u0103r\u0103ciei \u00een transporturi\">Perspectiva Regional\u0103 asupra s\u0103r\u0103ciei energetice \u0219i a s\u0103r\u0103ciei \u00een transporturi<\/a><\/h4><div class=\"w-iconbox-text\"><h5><strong>Document publicat la data de 26.08.2026<\/strong><\/h5>\n<\/div><\/div><\/div><div class=\"w-separator size_small\"><\/div><div class=\"w-iconbox iconpos_left style_default color_primary align_left icontype_img\"><a href=\"https:\/\/www.nord-vest.ro\/wp-content\/uploads\/2026\/08\/Ghid-Planificare-Locala_august_2026.pdf\" class=\"w-iconbox-link\" aria-label=\"Ghid de Planificare Strategic\u0103 local\u0103\"><div class=\"w-iconbox-icon\" style=\"font-size:8rem;\"><img loading=\"lazy\" decoding=\"async\" width=\"1414\" height=\"2000\" src=\"https:\/\/www.nord-vest.ro\/wp-content\/uploads\/2026\/08\/Ghid-Planificare.png\" class=\"attachment-full size-full\" alt=\"\" srcset=\"https:\/\/www.nord-vest.ro\/wp-content\/uploads\/2026\/08\/Ghid-Planificare.png 1414w, https:\/\/www.nord-vest.ro\/wp-content\/uploads\/2026\/08\/Ghid-Planificare-8x12.png 8w, https:\/\/www.nord-vest.ro\/wp-content\/uploads\/2026\/08\/Ghid-Planificare-283x400.png 283w, https:\/\/www.nord-vest.ro\/wp-content\/uploads\/2026\/08\/Ghid-Planificare-441x624.png 441w, https:\/\/www.nord-vest.ro\/wp-content\/uploads\/2026\/08\/Ghid-Planificare-197x279.png 197w, https:\/\/www.nord-vest.ro\/wp-content\/uploads\/2026\/08\/Ghid-Planificare-49x70.png 49w, https:\/\/www.nord-vest.ro\/wp-content\/uploads\/2026\/08\/Ghid-Planificare-495x700.png 495w\" sizes=\"auto, (max-width: 1414px) 100vw, 1414px\" \/><\/div><\/a><div class=\"w-iconbox-meta\"><h4 class=\"w-iconbox-title\"><a href=\"https:\/\/www.nord-vest.ro\/wp-content\/uploads\/2026\/08\/Ghid-Planificare-Locala_august_2026.pdf\" class=\"w-iconbox-link\" aria-label=\"Ghid de Planificare Strategic\u0103 local\u0103\">Ghid de Planificare Strategic\u0103 local\u0103<\/a><\/h4><div class=\"w-iconbox-text\"><h5><strong>Document publicat la data de 18.08.2026<\/strong><\/h5>\n<\/div><\/div><\/div><\/div><\/div><\/div><\/div><\/div><\/div><\/div><\/div><div class=\"w-separator size_small with_line width_default thick_1 style_solid color_border align_center\"><div class=\"w-separator-h\"><\/div><\/div><div class=\"w-image align_center\"><div class=\"w-image-h\"><img decoding=\"async\" width=\"1920\" height=\"340\" src=\"https:\/\/www.nord-vest.ro\/wp-content\/uploads\/2026\/08\/Banner-Sale-Smartphone-1-1.png\" class=\"attachment-full size-full\" alt=\"\" loading=\"lazy\" srcset=\"https:\/\/www.nord-vest.ro\/wp-content\/uploads\/2026\/08\/Banner-Sale-Smartphone-1-1.png 1920w, https:\/\/www.nord-vest.ro\/wp-content\/uploads\/2026\/08\/Banner-Sale-Smartphone-1-1-18x3.png 18w, https:\/\/www.nord-vest.ro\/wp-content\/uploads\/2026\/08\/Banner-Sale-Smartphone-1-1-600x106.png 600w, https:\/\/www.nord-vest.ro\/wp-content\/uploads\/2026\/08\/Banner-Sale-Smartphone-1-1-624x111.png 624w, https:\/\/www.nord-vest.ro\/wp-content\/uploads\/2026\/08\/Banner-Sale-Smartphone-1-1-372x66.png 372w, https:\/\/www.nord-vest.ro\/wp-content\/uploads\/2026\/08\/Banner-Sale-Smartphone-1-1-245x43.png 245w, https:\/\/www.nord-vest.ro\/wp-content\/uploads\/2026\/08\/Banner-Sale-Smartphone-1-1-1500x266.png 1500w\" sizes=\"auto, (max-width: 1920px) 100vw, 1920px\" \/><\/div><\/div><div class=\"w-separator size_small\"><\/div><div class=\"w-tabs accordion toggle_style_3 has_scrolling\" style=\"--sections-title-size:inherit;--sections-gap:0.5rem;\"><div class=\"w-tabs-sections titles-align_none icon_chevron cpos_left\"><div class=\"w-tabs-section\" id=\"z058\"><button class=\"w-tabs-section-header\" aria-controls=\"content-z058\" aria-expanded=\"false\"><div class=\"w-tabs-section-title\">Metodologie de guvernan\u021b\u0103 participativ\u0103 pentru elaborarea Planului de Dezvoltare Regional\u0103 Nord-Vest 2028-2034<\/div><div class=\"w-tabs-section-control\"><\/div><\/button><div  class=\"w-tabs-section-content\" id=\"content-z058\"><div class=\"w-tabs-section-content-h i-cf\"><div class=\"g-cols wpb_row via_grid cols_1 laptops-cols_inherit tablets-cols_inherit mobiles-cols_1 valign_top type_default stacking_default\" style=\"--columns-gap:3rem;\"><div class=\"wpb_column vc_column_container\"><div class=\"vc_column-inner\"><div class=\"w-iconbox iconpos_left style_default color_primary align_left icontype_img\"><a href=\"https:\/\/www.nord-vest.ro\/wp-content\/uploads\/2026\/08\/1.METODOLOGIE-DE-GUVERNANTA-PARTICIPATIVA-PENTRU-ELABORAREA-PLANULUI-DE-DEZVOLTARE-REGIONALA-NORD-VEST-2028-2034.pdf\" class=\"w-iconbox-link\" aria-label=\"Metodologie de guvernan\u021b\u0103 participativ\u0103 pentru elaborarea Planului de Dezvoltare Regional\u0103 Nord-Vest 2028-2034\"><div class=\"w-iconbox-icon\" style=\"font-size:8rem;\"><img loading=\"lazy\" decoding=\"async\" width=\"1763\" height=\"2813\" src=\"https:\/\/www.nord-vest.ro\/wp-content\/uploads\/2026\/08\/Metodologie.png\" class=\"attachment-full size-full\" alt=\"\" srcset=\"https:\/\/www.nord-vest.ro\/wp-content\/uploads\/2026\/08\/Metodologie.png 1763w, https:\/\/www.nord-vest.ro\/wp-content\/uploads\/2026\/08\/Metodologie-8x12.png 8w, https:\/\/www.nord-vest.ro\/wp-content\/uploads\/2026\/08\/Metodologie-251x400.png 251w, https:\/\/www.nord-vest.ro\/wp-content\/uploads\/2026\/08\/Metodologie-391x624.png 391w, https:\/\/www.nord-vest.ro\/wp-content\/uploads\/2026\/08\/Metodologie-175x279.png 175w, https:\/\/www.nord-vest.ro\/wp-content\/uploads\/2026\/08\/Metodologie-44x70.png 44w, https:\/\/www.nord-vest.ro\/wp-content\/uploads\/2026\/08\/Metodologie-439x700.png 439w\" sizes=\"auto, (max-width: 1763px) 100vw, 1763px\" \/><\/div><\/a><div class=\"w-iconbox-meta\"><h4 class=\"w-iconbox-title\"><a href=\"https:\/\/www.nord-vest.ro\/wp-content\/uploads\/2026\/08\/1.METODOLOGIE-DE-GUVERNANTA-PARTICIPATIVA-PENTRU-ELABORAREA-PLANULUI-DE-DEZVOLTARE-REGIONALA-NORD-VEST-2028-2034.pdf\" class=\"w-iconbox-link\" aria-label=\"Metodologie de guvernan\u021b\u0103 participativ\u0103 pentru elaborarea Planului de Dezvoltare Regional\u0103 Nord-Vest 2028-2034\">Metodologie de guvernan\u021b\u0103 participativ\u0103 pentru elaborarea Planului de Dezvoltare Regional\u0103 Nord-Vest 2028-2034<\/a><\/h4><div class=\"w-iconbox-text\"><h5><strong>Document publicat la data de 26.08.2026<\/strong><\/h5>\n<\/div><\/div><\/div><div class=\"w-separator size_small\"><\/div><div class=\"w-iconbox iconpos_left style_default color_primary align_left\"><a href=\"https:\/\/www.nord-vest.ro\/wp-content\/uploads\/2026\/08\/ANEXA-1-CLASIFICAREA-PARTILOR-INTERESATE.pdf\" class=\"w-iconbox-link\" aria-label=\"Anexa 1 &#8211; Clasificarea p\u0103r\u021bilor interesate\"><div class=\"w-iconbox-icon\" style=\"font-size:8rem;\"><i class=\"fad fa-file-pdf\"><\/i><\/div><\/a><div class=\"w-iconbox-meta\"><h4 class=\"w-iconbox-title\"><a href=\"https:\/\/www.nord-vest.ro\/wp-content\/uploads\/2026\/08\/ANEXA-1-CLASIFICAREA-PARTILOR-INTERESATE.pdf\" class=\"w-iconbox-link\" aria-label=\"Anexa 1 &#8211; Clasificarea p\u0103r\u021bilor interesate\">Anexa 1 &#8211; Clasificarea p\u0103r\u021bilor interesate<\/a><\/h4><div class=\"w-iconbox-text\"><h5><strong>Document publicat la data de 26.08.2026<\/strong><\/h5>\n<\/div><\/div><\/div><div class=\"w-separator size_small\"><\/div><div class=\"w-iconbox iconpos_left style_default color_primary align_left\"><a href=\"https:\/\/www.nord-vest.ro\/wp-content\/uploads\/2026\/08\/ANEXA-2-FURNIZAREA-DE-FEEDBACK-.pdf\" class=\"w-iconbox-link\" aria-label=\"Anexa 2 &#8211; Furnizarea de feedback\"><div class=\"w-iconbox-icon\" style=\"font-size:8rem;\"><i class=\"fad fa-file-pdf\"><\/i><\/div><\/a><div class=\"w-iconbox-meta\"><h4 class=\"w-iconbox-title\"><a href=\"https:\/\/www.nord-vest.ro\/wp-content\/uploads\/2026\/08\/ANEXA-2-FURNIZAREA-DE-FEEDBACK-.pdf\" class=\"w-iconbox-link\" aria-label=\"Anexa 2 &#8211; Furnizarea de feedback\">Anexa 2 &#8211; Furnizarea de feedback<\/a><\/h4><div class=\"w-iconbox-text\"><h5><strong>Document publicat la data de 26.08.2026<\/strong><\/h5>\n<\/div><\/div><\/div><div class=\"w-separator size_small\"><\/div><div class=\"w-iconbox iconpos_left style_default color_primary align_left\"><a href=\"https:\/\/www.nord-vest.ro\/wp-content\/uploads\/2026\/08\/ANEXA-3-PROCESUL-DE-CONSTITUIRE-A-COMITETULUI-REGIONAL.pdf\" class=\"w-iconbox-link\" aria-label=\"Anexa 3 &#8211; Procesul de constituire a comitetului regional\"><div class=\"w-iconbox-icon\" style=\"font-size:8rem;\"><i class=\"fad fa-file-pdf\"><\/i><\/div><\/a><div class=\"w-iconbox-meta\"><h4 class=\"w-iconbox-title\"><a href=\"https:\/\/www.nord-vest.ro\/wp-content\/uploads\/2026\/08\/ANEXA-3-PROCESUL-DE-CONSTITUIRE-A-COMITETULUI-REGIONAL.pdf\" class=\"w-iconbox-link\" aria-label=\"Anexa 3 &#8211; Procesul de constituire a comitetului regional\">Anexa 3 &#8211; Procesul de constituire a comitetului regional<\/a><\/h4><div class=\"w-iconbox-text\"><h5><strong>Document publicat la data de 26.08.2026<\/strong><\/h5>\n<\/div><\/div><\/div><div class=\"w-separator size_small\"><\/div><div class=\"w-iconbox iconpos_left style_default color_primary align_left\"><a href=\"https:\/\/www.nord-vest.ro\/wp-content\/uploads\/2026\/08\/ANEXA-4-PROCESUL-DE-CONSTITUIRE-SI-FUNCTIONARE-A-GRUPURILOR-TEMATICE.pdf\" class=\"w-iconbox-link\" aria-label=\"Anexa 4 &#8211; Procesul de construire \u0219i func\u021bionare a grupurilor tematice\"><div class=\"w-iconbox-icon\" style=\"font-size:8rem;\"><i class=\"fad fa-file-pdf\"><\/i><\/div><\/a><div class=\"w-iconbox-meta\"><h4 class=\"w-iconbox-title\"><a href=\"https:\/\/www.nord-vest.ro\/wp-content\/uploads\/2026\/08\/ANEXA-4-PROCESUL-DE-CONSTITUIRE-SI-FUNCTIONARE-A-GRUPURILOR-TEMATICE.pdf\" class=\"w-iconbox-link\" aria-label=\"Anexa 4 &#8211; Procesul de construire \u0219i func\u021bionare a grupurilor tematice\">Anexa 4 &#8211; Procesul de construire \u0219i func\u021bionare a grupurilor tematice<\/a><\/h4><div class=\"w-iconbox-text\"><h5><strong>Document publicat la data de 26.08.2026<\/strong><\/h5>\n<\/div><\/div><\/div><\/div><\/div><\/div><\/div><\/div><\/div><\/div><\/div><div class=\"w-separator size_small with_line width_default thick_5 style_solid color_border align_center with_text with_content\"><div class=\"w-separator-h\"><h6 class=\"w-separator-text\"><span>Arhiv\u0103 Planuri de Dezvoltare Regional\u0103<\/span><\/h6><\/div><\/div><div class=\"w-tabs accordion toggle_style_3 has_scrolling\" style=\"--sections-title-size:inherit;--sections-gap:0.5rem;\"><div class=\"w-tabs-sections titles-align_none icon_chevron cpos_left\"><div class=\"w-tabs-section\" id=\"n438\"><button class=\"w-tabs-section-header\" aria-controls=\"content-n438\" aria-expanded=\"false\"><div class=\"w-tabs-section-title\">Planul de Dezvoltare Regional\u0103 pentru perioada 2021-2027<\/div><div class=\"w-tabs-section-control\"><\/div><\/button><div  class=\"w-tabs-section-content\" id=\"content-n438\"><div class=\"w-tabs-section-content-h i-cf\"><div class=\"wpb_text_column\"><div class=\"wpb_wrapper\"><p>\u00cen urma consult\u0103rilor publice anterioare privind\u00a0<em>Profilul socio-economic\u00a0<\/em>and\u00a0<em>Analiza\u00a0 SWOT,\u00a0<\/em>\u00a0s-a elaborat\u00a0<strong><em>Planul de Dezvoltare Regional\u0103 (PDR) Nord-Vest 2021-2027<\/em><\/strong> care poate fi consultat mai jos.<\/p>\n<\/div><\/div><div class=\"g-cols wpb_row via_grid cols_3 laptops-cols_inherit tablets-cols_inherit mobiles-cols_1 valign_top type_default stacking_default\" style=\"--columns-gap:3rem;\"><div class=\"wpb_column vc_column_container\"><div class=\"vc_column-inner\"><div class=\"w-iconbox iconpos_left style_default color_primary align_left no_text\"><a href=\"https:\/\/www.nord-vest.ro\/wp-content\/uploads\/2021\/02\/PDR-NV-2021-2027-versiunea-feb-2021.pdf\" class=\"w-iconbox-link\" aria-label=\"Descarc\u0103 Planul de Dezvoltare Regional\u0103 Nord-Vest 2021-2027\"><div class=\"w-iconbox-icon\" style=\"font-size:2rem;\"><i class=\"fas fa-file-download\"><\/i><\/div><\/a><div class=\"w-iconbox-meta\"><h5 class=\"w-iconbox-title\"><a href=\"https:\/\/www.nord-vest.ro\/wp-content\/uploads\/2021\/02\/PDR-NV-2021-2027-versiunea-feb-2021.pdf\" class=\"w-iconbox-link\" aria-label=\"Descarc\u0103 Planul de Dezvoltare Regional\u0103 Nord-Vest 2021-2027\">Descarc\u0103 Planul de Dezvoltare Regional\u0103 Nord-Vest 2021-2027<\/a><\/h5><\/div><\/div><\/div><\/div><div class=\"wpb_column vc_column_container\"><div class=\"vc_column-inner\"><\/div><\/div><div class=\"wpb_column vc_column_container\"><div class=\"vc_column-inner\"><\/div><\/div><\/div><div class=\"w-separator size_medium\"><\/div><div class=\"wpb_text_column\"><div class=\"wpb_wrapper\"><p><strong>Note:<\/strong><\/p>\n<ol type=\"1\">\n<li>\u00cen data de 18 februarie 2020, Profilul socio-economic aferent PDR Nord-Vest 2021-2027 a fost pus \u0219i \u00een consultare public\u0103 pe site-ul agen\u021biei (<a href=\"https:\/\/www.nord-vest.ro\/en\/consultare-privind-profilul-socio-economic-draft-1-al-regiunii-nord-vest-aferent-planului-de-dezvoltare-regionala-pdr-pentru-perioada-2021-2027\/\">https:\/\/www.nord-vest.ro\/consultare-privind-profilul-socio-economic-draft-1-al-regiunii-nord-vest-aferent-planului-de-dezvoltare-regionala-pdr-pentru-perioada-2021-2027\/<\/a>\u00a0). \u00cen perioada 19.02.2020 \u2013 10.03.2020 s-au primit 96 r\u0103spunsuri din care 58 au con\u021binut interven\u021bii\/comentarii legate de con\u021binutul \u0219i modul de structurare a profilului socio-economic, restul apreciind draftul ini\u021bial. Toate observa\u021biile primite au fost analizate de exper\u021bii ADR Nord-Vest \u0219i s-a realizat un al doilea draft al Profilului socio-economic.<\/li>\n<li>\u00cen data de 20 iunie 2020, primul draft al analizei SWOT aferent\u0103 PDR Nord-Vest 2021-2027 a fost pus \u00een consultare public\u0103 pe site-ul agen\u021biei (<a href=\"http:\/\/www.nord-vest.ro\/wp-content\/uploads\/2020\/06\/SWOT-Draft-PDR-2021-2027.pdf\">http:\/\/www.nord-vest.ro\/wp-content\/uploads\/2020\/06\/SWOT-Draft-PDR-2021-2027.pdf<\/a>). \u00cen perioada 17.06.2020 \u2013 23.06.2020 s-au primit 27 r\u0103spunsuri din care 19 au con\u021binut interven\u021bii\/comentarii legate de con\u021binutul \u0219i modul de structurare a analizei SWOT, restul apreciind draftul ini\u021bial. Toate observa\u021biile primite au fost analizate de exper\u021bii ADR Nord-Vest \u0219i s-a realizat un al doilea draft al analizei SWOT.<\/li>\n<li>\u00cen luna septembrie, PDR Nord-Vest 2021-2027 a fost supus consult\u0103rii \u015fi aviz\u0103rii membrilor titlulari \u015fi suplean\u0163i din cadrul Comitetului Regional de Planificare (CRP). Documentul a fost avizat favorabil \u00een cadrul CRP.<\/li>\n<li>\u00cen data de 17 februarie 2021 a avut loc \u0219edin\u021ba Consiuliului pentru Dezvoltare Regional\u0103 Nord-Vest, \u00een cadrul c\u0103reia s-a prezentat PDR Nord-Vest 2021-2027. Documentul a fost supus la vot \u0219i a fost aprobat favorabil prin Hot\u0103r\u00e2rea 542\/17.02.2021.<\/li>\n<\/ol>\n<p>Nout\u0103\u021bi:<\/p>\n<ul class=\"wp-block-latest-posts__list wp-block-latest-posts\">\n<li><a class=\"wp-block-latest-posts__post-title\" href=\"https:\/\/www.nord-vest.ro\/en\/studii-si-analize\/\">Studies and analyses<\/a><\/li>\n<li><a class=\"wp-block-latest-posts__post-title\" href=\"https:\/\/www.nord-vest.ro\/en\/portofoliu-de-proiecte-in-pregatire-pentru-perioada-2021-2027\/\">Portfolio of projects in preparation for the period 2021-2027<\/a><\/li>\n<li><a class=\"wp-block-latest-posts__post-title\" href=\"https:\/\/www.nord-vest.ro\/en\/strategia-regionala-de-mobilitate-urbana-durabila-si-orase-inteligente-a-regiunii-de-dezvoltare-nord-vest-2021-2027-3\/\">Regional Strategy for Sustainable Urban Mobility and Smart Cities of the North-West Development Region 2021-2027<\/a><\/li>\n<li><a class=\"wp-block-latest-posts__post-title\" href=\"https:\/\/www.nord-vest.ro\/en\/dg-regio-prezinta-handbook-of-sustainable-urban-development-strategies\/\">DG REGIO prezint\u0103: Handbook of Sustainable Urban Development Strategies<\/a><\/li>\n<li><a class=\"wp-block-latest-posts__post-title\" href=\"https:\/\/www.nord-vest.ro\/en\/consultare-privind-profilul-socio-economic-draft-1-al-regiunii-nord-vest-aferent-planului-de-dezvoltare-regionala-pdr-pentru-perioada-2021-2027\/\">Consultation on the socio-economic profile (draft 1) of the North-West Region related to the Regional Development Plan (PDR) for the period 2021-2027<\/a><\/li>\n<\/ul>\n<\/div><\/div><\/div><\/div><\/div><div class=\"w-tabs-section\" id=\"se63\"><button class=\"w-tabs-section-header\" aria-controls=\"content-se63\" aria-expanded=\"false\"><div class=\"w-tabs-section-title\">Planul de Dezvoltare Regional\u0103 pentru perioada 2014-2020<\/div><div class=\"w-tabs-section-control\"><\/div><\/button><div  class=\"w-tabs-section-content\" id=\"content-se63\"><div class=\"w-tabs-section-content-h i-cf\"><div class=\"wpb_text_column\"><div class=\"wpb_wrapper\"><p>A fost aprobat de Consiliul Dezvolt\u0103rii Regionale cu ocazia \u015fedin\u0163ei din 20 aprilie 2015 prin Hot\u0103r\u00e2rea cu num\u0103rul 425.<\/p>\n<p>Documentul a fost elaborat \u00een perioada 2012-2015 \u00een conformitate cu orient\u0103rile metodologice emise de Ministerul Dezvolt\u0103rii Regionale \u015fi Administra\u0163iei Publice, fiind supus analizei ex-ante \u00een cursul anului 2013. \u00cen cursul procesului s-a pus accent pe consult\u0103rile cu actorii cheie de la nivel regional \u00een cadrul structurii parteneriale care a cuprins Comitetul Regional de Planificare, Comitetul Executiv \u015fi Comitetul \u015etiin\u0163ific, Grupuri de lucru jude\u0163ene, precum \u015fi Grupuri de lucru tematice regionale.<\/p>\n<p>Conform documentului aprobat, regiunea are patru priorit\u0103\u0163i \u00een materie de dezvoltare, corelate cu obiectivul general, \u00eemp\u0103r\u0163ite \u00a0\u00een priorit\u0103\u0163i de investi\u0163ie \u015fi ac\u0163iuni orientative, astfel:<\/p>\n<ul>\n<li>P1 \u2013 Cre\u015fterea competitivit\u0103\u0163ii economice a regiunii \u015fi stimularea cercet\u0103rii \u015fi inov\u0103rii<\/li>\n<li>P2 \u2013 Cre\u015fterea accesibilit\u0103\u0163ii regiunii, a mobilit\u0103\u0163ii locuitorilor, m\u0103rfurilor \u015fi a informa\u0163iilor<\/li>\n<li>P3 \u2013 Cre\u015fterea calit\u0103\u0163ii vie\u0163ii locuitorilor din regiune<\/li>\n<li>P4 \u2013 Protec\u0163ia mediului natural \u015fi antropic, utilizarea eficient\u0103 a resurselor \u015fi reducerea emisiilor poluante<\/li>\n<\/ul>\n<\/div><\/div><div class=\"w-image align_center\"><div class=\"w-image-h\"><img decoding=\"async\" width=\"865\" height=\"544\" src=\"https:\/\/www.nord-vest.ro\/wp-content\/uploads\/2022\/10\/foto_schema-strat_intercalat-in-text.bmp\" class=\"attachment-large size-large\" alt=\"\" loading=\"lazy\" srcset=\"https:\/\/www.nord-vest.ro\/wp-content\/uploads\/2022\/10\/foto_schema-strat_intercalat-in-text.bmp 865w, https:\/\/www.nord-vest.ro\/wp-content\/uploads\/2022\/10\/foto_schema-strat_intercalat-in-text-300x189.jpg 300w, https:\/\/www.nord-vest.ro\/wp-content\/uploads\/2022\/10\/foto_schema-strat_intercalat-in-text-18x12.jpg 18w\" sizes=\"auto, (max-width: 865px) 100vw, 865px\" \/><\/div><\/div><div class=\"w-separator size_small\"><\/div><div class=\"wpb_text_column\"><div class=\"wpb_wrapper\"><p>Conform Hot\u0103r\u00e2rii CDR portofoliul de proiecte va fi actualizat periodic. Ultima actualizare a portofoliului a fost \u00een luna septembrie 2016 \u015fi se poate consulta\u00a0<a href=\"http:\/\/www.nord-vest.ro\/wp-content\/uploads\/2016\/09\/Portofoliu-proiecte-prioritare-regionale-PDR_sept_2016.pdf\">here<\/a><\/p>\n<\/div><\/div><\/div><\/div><\/div><\/div><\/div><div class=\"w-separator size_small\"><\/div><\/div><\/div><\/div><\/div><\/section><section class=\"l-section wpb_row us_custom_28082928 height_medium\"><div class=\"l-section-h i-cf\"><div class=\"g-cols vc_row via_grid cols_1 laptops-cols_inherit tablets-cols_inherit mobiles-cols_1 valign_middle type_default stacking_default\"><div class=\"wpb_column vc_column_container\" id=\"meniu-footer\"><div class=\"vc_column-inner\"><div class=\"g-cols wpb_row via_grid cols_1 laptops-cols_inherit tablets-cols_inherit mobiles-cols_1 valign_top type_default stacking_default\" style=\"--columns-gap:3rem;\"><div class=\"wpb_column vc_column_container us_custom_33b9ee00\"><div class=\"vc_column-inner\"><nav class=\"w-menu for_simple_menu us_custom_b7ef8626 navig layout_hor spread style_links us_menu_2\" style=\"--main-gap:0rem;--main-ver-indent:0.8em;--main-hor-indent:0.8em;--main-color:#1a1a1a;--main-hover-color:#ffffff;--main-active-color:#ffffff;\" id=\"indicator\"><ul id=\"menu-adr\" class=\"menu\"><li id=\"menu-item-19428\" class=\"menu-item menu-item-type-post_type menu-item-object-page menu-item-19428\"><a href=\"https:\/\/www.nord-vest.ro\/en\/dezvoltare-regionala\/dezvoltare-planificare-strategica\/\">Dezvoltare \u0219i planificare strategic\u0103<\/a><\/li><li id=\"menu-item-19429\" class=\"menu-item menu-item-type-post_type menu-item-object-page menu-item-19429\"><a href=\"https:\/\/www.nord-vest.ro\/en\/dezvoltare-regionala\/por\/\">Operational Programmes<\/a><\/li><li id=\"menu-item-19430\" class=\"menu-item menu-item-type-post_type menu-item-object-page menu-item-19430\"><a href=\"https:\/\/www.nord-vest.ro\/en\/dezvoltare-regionala\/proiecte-proprii\/\">ADR projects<\/a><\/li><li id=\"menu-item-19433\" class=\"menu-item menu-item-type-custom menu-item-object-custom menu-item-19433\"><a href=\"\/en\/despre-noi\/#regiune\">NW region<\/a><\/li><li id=\"menu-item-19432\" class=\"menu-item menu-item-type-post_type menu-item-object-page menu-item-19432\"><a href=\"https:\/\/www.nord-vest.ro\/en\/despre-noi\/echipa\/\">Team<\/a><\/li><li id=\"menu-item-19431\" class=\"menu-item menu-item-type-post_type menu-item-object-page menu-item-19431\"><a href=\"https:\/\/www.nord-vest.ro\/en\/despre-noi\/cdr\/\">CDR<\/a><\/li><\/ul><style>@media ( max-width:700px ){.us_menu_2 .menu{display:block!important}.us_menu_2 .menu>li:not(:last-child){margin:0 0 var(--main-gap,0rem)!important}}<\/style><\/nav><\/div><\/div><\/div><\/div><\/div><\/div><\/div><\/section>","protected":false},"excerpt":{"rendered":"Home\/PagesPlanificare strategic\u0103Strategia regional\u0103 de turismPreg\u0103tirea pentru schimb\u0103rile demografice \u00een Nord-Vestul Rom\u00e2nieiProiecte pilot pentru regiuni mai pu\u021bin dezvoltateStrategia regional\u0103 de mobilitate urban\u0103 \u0219i ora\u0219e inteligentePlanuri \u0219i strategii sectorialeSpecializare inteligent\u0103Planuri de dezvoltare regional\u0103Consultare Public\u0103 \u2013 Apel selec\u021bie parteneri pentru documenta\u021bii tehnico-economice (DTE)Apeluri selec\u021bie parteneri pentru documenta\u021bii tehnico-economice (DTE)Dezvoltare \u0219i planificare strategic\u0103Analize regionale \u0219i capacitate administrativ\u0103Monitorizarea obiectivelor de...","protected":false},"author":1,"featured_media":0,"parent":31328,"menu_order":0,"comment_status":"closed","ping_status":"closed","template":"","meta":{"footnotes":"","beyondwords_generate_audio":"1","beyondwords_integration_method":"rest-api","beyondwords_project_id":"21144","beyondwords_content_id":"bca6c8fe-eac7-4056-b83a-69117a1ba6c3","beyondwords_preview_token":"05589428-117b-4cc4-be98-7d26cd85a35e","beyondwords_player_content":"","beyondwords_player_style":"standard","beyondwords_language_code":"","beyondwords_language_id":"","beyondwords_title_voice_id":"","beyondwords_body_voice_id":"","beyondwords_summary_voice_id":"","beyondwords_error_message":"#401: Unauthorized","beyondwords_disabled":"","beyondwords_delete_content":"","beyondwords_podcast_id":"bca6c8fe-eac7-4056-b83a-69117a1ba6c3","beyondwords_hash":"","publish_post_to_speechkit":"","speechkit_hash":"","speechkit_generate_audio":"","speechkit_project_id":"","speechkit_podcast_id":"","speechkit_error_message":"","speechkit_disabled":"","speechkit_access_key":"","speechkit_error":"","speechkit_info":"","speechkit_response":"","speechkit_retries":"","speechkit_status":"","speechkit_updated_at":"","_speechkit_link":"","_speechkit_text":""},"class_list":["post-17654","page","type-page","status-publish","hentry"],"publishpress_future_action":{"enabled":false,"date":"2026-09-08 13:34:06","action":"change-status","newStatus":"draft","terms":[],"taxonomy":"","extraData":[]},"publishpress_future_workflow_manual_trigger":{"enabledWorkflows":[]},"_links":{"self":[{"href":"https:\/\/www.nord-vest.ro\/en\/wp-json\/wp\/v2\/pages\/17654","targetHints":{"allow":["GET"]}}],"collection":[{"href":"https:\/\/www.nord-vest.ro\/en\/wp-json\/wp\/v2\/pages"}],"about":[{"href":"https:\/\/www.nord-vest.ro\/en\/wp-json\/wp\/v2\/types\/page"}],"author":[{"embeddable":true,"href":"https:\/\/www.nord-vest.ro\/en\/wp-json\/wp\/v2\/users\/1"}],"replies":[{"embeddable":true,"href":"https:\/\/www.nord-vest.ro\/en\/wp-json\/wp\/v2\/comments?post=17654"}],"version-history":[{"count":66,"href":"https:\/\/www.nord-vest.ro\/en\/wp-json\/wp\/v2\/pages\/17654\/revisions"}],"predecessor-version":[{"id":34825,"href":"https:\/\/www.nord-vest.ro\/en\/wp-json\/wp\/v2\/pages\/17654\/revisions\/34825"}],"up":[{"embeddable":true,"href":"https:\/\/www.nord-vest.ro\/en\/wp-json\/wp\/v2\/pages\/31328"}],"wp:attachment":[{"href":"https:\/\/www.nord-vest.ro\/en\/wp-json\/wp\/v2\/media?parent=17654"}],"curies":[{"name":"wp","href":"https:\/\/api.w.org\/{rel}","templated":true}]}}